{"version":"1.0","provider_name":"","provider_url":"https:\/\/pupaksutodeje.cafeblog.hu","author_name":"Krisztina","author_url":"https:\/\/pupaksutodeje.cafeblog.hu\/author\/kokeny-krisztagmail-com\/","title":"Az els\u0151 h\u00e9t a t\u00e9rk\u00e9pen","html":"<p>Tegnap megn\u00e9zt\u00fck a k\u00e9peket, kb 1200 darab k\u00e9p k\u00e9sz\u00fclt...na azt mire kiv\u00e1logatom... :) De rajta vagyok az \u00fcgy\u00f6n.<\/p>\r\n<p>El kell mondjam, hogy a k\u00e9t h\u00e9t alatt rengeteget ment\u00fcnk, k\u00f6r\u00fclbel\u00fcl 6000 km-t, s ezt term\u00e9szetesen nem \u00e9n vezettem le. (B\u00e1r ami k\u00e9sik.... :) ) Az els\u0151 h\u00e9ten N\u00e9metorsz\u00e1gban voltunk, annak is az \u00e9szaki r\u00e9sz\u00e9n, a m\u00e1sodik h\u00e9ten pedig Csehorsz\u00e1gban kempingezt\u00fcnk. M\u00e9g miel\u0151tt megk\u00e9rdezn\u00e9tek, nem, nem voltunk Pr\u00e1g\u00e1ban. Mindenki odamegy, \u00edgy mi term\u00e9szetesen m\u00e1sfel\u00e9 vett\u00fck az ir\u00e1nyt. De err\u0151l majd k\u00e9s\u0151bb.<\/p>\r\n<p>Most azt mutatom meg a t\u00e9rk\u00e9pen, hogy N\u00e9metorsz\u00e1gban merre j\u00e1rtunk, hol voltunk elsz\u00e1ll\u00e1solva, illetve hogy D\u00e1nia mely r\u00e9szeit n\u00e9zt\u00fck meg.<\/p>\r\n<p>A sz\u00e1ll\u00e1sunk egy Kattendorf nev\u0171 telep\u00fcl\u00e9sen volt. Ez egy kb 700 f\u0151t sz\u00e1ml\u00e1l\u00f3 apr\u00f3 kis falu, Kaltenkirchen k\u00f6zel\u00e9ben. A falu val\u00f3ban apr\u00f3, \u00e1m ennek ellen\u00e9re t\u0171zolt\u00f3\u00e1llom\u00e1ssal meg egy nagyon j\u00f3l felszerelt j\u00e1tsz\u00f3t\u00e9rrel is rendelkezik. Csinos kis h\u00e1zak minden\u00fctt, rend, tisztas\u00e1g, az erd\u0151be el lehet menni s\u00e9t\u00e1lni an\u00e9lk\u00fcl, hogy egy kutya vagy b\u00e1rmi m\u00e1s r\u00e1nk t\u00e1madna....mintha nem is ezen a bolyg\u00f3n lenn\u00e9nk.<\/p>\r\n<p><a href=\"https:\/\/pupaksutodeje.cafeblog.hu\/files\/2016\/06\/Kattendorf.png\"><img class=\"alignnone  wp-image-326\" src=\"https:\/\/pupaksutodeje.cafeblog.hu\/files\/2016\/06\/Kattendorf-300x210.png\" alt=\"Kattendorf\" width=\"346\" height=\"242\" \/><\/a><\/p>\r\n<p>A kis narancss\u00e1rga Kattendorf. :) A z\u00f6ld meg Kaltenkirchen. :) Ami egy\u00e9bk\u00e9nt Hamburg felett helyezkedik el.<\/p>\r\n<p><a href=\"https:\/\/pupaksutodeje.cafeblog.hu\/files\/2016\/06\/Hamburg.png\"><img class=\"alignnone size-medium wp-image-327\" src=\"https:\/\/pupaksutodeje.cafeblog.hu\/files\/2016\/06\/Hamburg-300x225.png\" alt=\"Hamburg\" width=\"300\" height=\"225\" \/><\/a><\/p>\r\n<p>N\u00e9metorsz\u00e1gban Hamburg, Br\u00e9ma, L\u00fcbeck illetve Kiel nev\u0171 nagyobb v\u00e1rosokban voltunk l\u00e1togat\u00f3ban.<\/p>\r\n<p><a href=\"https:\/\/pupaksutodeje.cafeblog.hu\/files\/2016\/06\/N\u00e9methon.png\"><img class=\"alignnone size-medium wp-image-328\" src=\"https:\/\/pupaksutodeje.cafeblog.hu\/files\/2016\/06\/N\u00e9methon-300x225.png\" alt=\"N\u00e9methon\" width=\"300\" height=\"225\" \/><\/a><\/p>\r\n<p>A n\u00e9met-d\u00e1n hat\u00e1rn\u00e1l Flensburgn\u00e1l lehet \u00e1tmenni a m\u00e1sik orsz\u00e1gba. (Majd err\u0151l is mes\u00e9lek... :) ) D\u00e1ni\u00e1ban elment\u00fcnk Esbjergig, ott m\u00e1r a tengerpart van. Kicsit m\u00e9g f\u00f6ntebb aut\u00f3ztunk, ut\u00e1na m\u00e1r musz\u00e1j volt visszafel\u00e9 venn\u00fcnk az ir\u00e1nyt, mert k\u00e9s\u0151 volt, D\u00e1ni\u00e1b\u00f3l \u00edgy is este kilenc fel\u00e9 \u00e9rt\u00fcnk vissza. Ami ugyan nem volt olyan nagy probl\u00e9ma, mert f\u00e9l 11-kor m\u00e9g vil\u00e1gos volt ott fent \u00e9szakon. Szokatlan is volt el\u0151sz\u00f6r, f\u00e9l 11, s olyan \u00e9rz\u00e9sem volt, hogy m\u00e9g csak nyolc \u00f3ra van. (Itt most m\u00e9g csak negyed t\u00edz van, de m\u00e1r tiszta s\u00f6t\u00e9t minden.)<\/p>\r\n<p>Mutatom D\u00e1ni\u00e1t.<\/p>\r\n<p><a href=\"https:\/\/pupaksutodeje.cafeblog.hu\/files\/2016\/06\/D\u00e1nia.png\"><img class=\"alignnone size-medium wp-image-329\" src=\"https:\/\/pupaksutodeje.cafeblog.hu\/files\/2016\/06\/D\u00e1nia-300x225.png\" alt=\"D\u00e1nia\" width=\"300\" height=\"225\" \/><\/a><\/p>\r\n<p>Ilyen csinos kis kunkort tett\u00fcnk. N\u00e9zz\u00e9tek meg a t\u00e9rk\u00e9pen, \u00e9n nagyon szeretem b\u00f6ng\u00e9szni.<\/p>\r\n<p>Most csak p\u00e1r k\u00e9pet mutatok m\u00e9g, holnap az els\u0151 nap r\u00e9szletesen. :)<\/p>\r\n<p>D\u00e1ni\u00e1ban felfedezt\u00fcnk egy vil\u00e1g\u00edt\u00f3tornyot. Nem ment\u00fcnk fel r\u00e1, ennek k\u00e9t oka volt. Az egyik, nem volt n\u00e1lunk d\u00e1n korona. A m\u00e1sik, hogy euroba \u00e1tsz\u00e1m\u00edtva nagyon, hangs\u00falyozom, NAGYON dr\u00e1ga lett volna felmenni. De lefot\u00f3ztuk.<\/p>\r\n<p><a href=\"https:\/\/pupaksutodeje.cafeblog.hu\/files\/2016\/06\/IMG_5853.jpg\"><img class=\"alignnone size-medium wp-image-330\" src=\"https:\/\/pupaksutodeje.cafeblog.hu\/files\/2016\/06\/IMG_5853-200x300.jpg\" alt=\"IMG_5853\" width=\"200\" height=\"300\" \/><\/a><\/p>\r\n<p>Ebben a h\u00e1zik\u00f3ban laktunk, fent az emeleten.<\/p>\r\n<p><a href=\"https:\/\/pupaksutodeje.cafeblog.hu\/files\/2016\/06\/P1270105.jpg\"><img class=\"alignnone size-medium wp-image-331\" src=\"https:\/\/pupaksutodeje.cafeblog.hu\/files\/2016\/06\/P1270105-300x225.jpg\" alt=\"P1270105\" width=\"300\" height=\"225\" \/><\/a><\/p>\r\n<p>Nagyon \u00e9lm\u00e9nyd\u00fasan telt el a n\u00e9metorsz\u00e1gi egy h\u00e9t. Holnap j\u00f6nnek a r\u00e9szletek.<\/p>\r\n<p>Szeretettel: Kriszti<\/p>","type":"rich"}