{"version":"1.0","provider_name":"","provider_url":"https:\/\/pupaksutodeje.cafeblog.hu","author_name":"Krisztina","author_url":"https:\/\/pupaksutodeje.cafeblog.hu\/author\/kokeny-krisztagmail-com\/","title":"Lednice \u00e9s a tulip\u00e1nok","html":"<p>Ahogy tegnap is \u00edrtam, a mai napon m\u00e9g mindig nem fogok s\u00fctni, hanem le\u00edrom, hol is voltam a h\u00e9tv\u00e9g\u00e9n.<\/p>\r\n<p>Anyuk\u00e1mmal gondoltunk egyet, \u00e9s \u00fagy d\u00f6nt\u00f6tt\u00fcnk, hogy kir\u00e1ndulunk kicsit, \u00e9s megn\u00e9z\u00fcnk k\u00e9t kast\u00e9lyt Csehorsz\u00e1gban, hol m\u00e1shol. :) 2009 \u00f3ta kir\u00e1ndulgatunk mi egy\u00fctt, ez m\u00e1r hagyom\u00e1nny\u00e1 v\u00e1lt.<\/p>\r\n<p>Lednice \u00e9s Valtice k\u00e9t kast\u00e9ly\u00e1t l\u00e1togattuk meg. Nem kellett igaz\u00e1n sokat utazni, \u00f6t \u00f3ra hossza alatt ott voltunk, busszal. (Ja igen, mi ketten mindig befizetett buszos utaz\u00e1sokra szoktunk menni.) Az osztr\u00e1k-cseh hat\u00e1r ment\u00e9n fekszik a k\u00e9t kast\u00e9ly, melyek a Liechtenstein csal\u00e1d tulajdon\u00e1ban voltak, majd 700 \u00e9ven kereszt\u00fcl. Annak idej\u00e9n egy hatalmas nagy birtok lehetett az eg\u00e9sz, ma m\u00e1r k\u00f6r\u00fclbel\u00fcl 10 perc aut\u00f3\u00fatra fekszik a k\u00e9t \u00e9p\u00fclet egym\u00e1st\u00f3l.<\/p>\r\n<p>El\u0151sz\u00f6r Valtice kast\u00e9ly\u00e1t csod\u00e1lhattuk meg. M\u00e1r kiv\u00fclr\u0151l is hatalmas, fenns\u00e9ges l\u00e1tv\u00e1nyt ny\u00fajt.<\/p>\r\n<p><a href=\"https:\/\/pupaksutodeje.cafeblog.hu\/files\/2016\/04\/SAM_2182.jpg\"><img class=\"alignnone size-medium wp-image-171\" src=\"https:\/\/pupaksutodeje.cafeblog.hu\/files\/2016\/04\/SAM_2182-300x225.jpg\" alt=\"SAM_2182\" width=\"300\" height=\"225\" \/><\/a><\/p>\r\n<p>A kert illetve a kast\u00e9lyhoz tartoz\u00f3 erd\u0151 (amit \u00e9n arbor\u00e9tumhoz hasonl\u00edtan\u00e9k ink\u00e1bb) gondozott, ig\u00e9nyes kialak\u00edt\u00e1s\u00fa, \u00e9s nagyon nyugodt hangulatot \u00e1raszt. A kast\u00e9ly n\u00e9hol omladozik, m\u00e1lik a vakolat, viszont bel\u00fclr\u0151l sz\u00e9pen megmaradt az eredeti b\u00fator \u00e9s padl\u00f3zat, vigy\u00e1znak is r\u00e1 rendesen, fel kellett h\u00fazni egy papucsot, amiben menni nem, viszont korcsoly\u00e1zni remek\u00fcl lehetett. Kicsit unalmas volt az, hogy az idegenvezet\u0151 a kapott sz\u00f6veget felolvasta. Minden teremhez tartozott egy le\u00edr\u00e1s, ahol elmes\u00e9lt\u00e9k a terem, b\u00fatorok, k\u00e9pek t\u00f6rt\u00e9net\u00e9t. Mivel rengetegen voltunk, a termek pedig sz\u0171k\u00f6sek, \u00edgy nem mindig lehetett hallani, hogy mir\u0151l is van sz\u00f3. Illetve n\u00e9hol az idegenvezet\u0151nk is kiss\u00e9 unottan olvasott. A l\u00e1tv\u00e1ny viszont k\u00e1rp\u00f3tolt minden\u00e9rt.<\/p>\r\n<p><a href=\"https:\/\/pupaksutodeje.cafeblog.hu\/files\/2016\/04\/SAM_2207.jpg\"><img class=\"alignnone size-medium wp-image-172\" src=\"https:\/\/pupaksutodeje.cafeblog.hu\/files\/2016\/04\/SAM_2207-300x225.jpg\" alt=\"SAM_2207\" width=\"300\" height=\"225\" \/><\/a> <a href=\"https:\/\/pupaksutodeje.cafeblog.hu\/files\/2016\/04\/SAM_2223.jpg\"><img class=\"alignnone size-medium wp-image-173\" src=\"https:\/\/pupaksutodeje.cafeblog.hu\/files\/2016\/04\/SAM_2223-225x300.jpg\" alt=\"SAM_2223\" width=\"225\" height=\"300\" \/><\/a> <a href=\"https:\/\/pupaksutodeje.cafeblog.hu\/files\/2016\/04\/SAM_2226.jpg\"><img class=\"alignnone size-medium wp-image-174\" src=\"https:\/\/pupaksutodeje.cafeblog.hu\/files\/2016\/04\/SAM_2226-300x225.jpg\" alt=\"SAM_2226\" width=\"300\" height=\"225\" \/><\/a> <a href=\"https:\/\/pupaksutodeje.cafeblog.hu\/files\/2016\/04\/SAM_2228.jpg\"><img class=\"alignnone size-medium wp-image-175\" src=\"https:\/\/pupaksutodeje.cafeblog.hu\/files\/2016\/04\/SAM_2228-300x225.jpg\" alt=\"SAM_2228\" width=\"300\" height=\"225\" \/><\/a><\/p>\r\n<p>Ahogy \u00edrtam, a kast\u00e9lyt k\u00f6rbeveszi egy erd\u0151, r\u00e9gebben ez vad\u00e1szter\u00fclet volt. Gondozott, a f\u00fcvet leny\u00edrt\u00e1k, tele f\u00e1val, bokorral, a maradak csicseregtek, a f\u00e1c\u00e1nok \u00e9nekeltek (mit csin\u00e1l egy f\u00e1c\u00e1n? :) ), csod\u00e1s volt. Egy \u00f3r\u00e1nk volt arra, hogy k\u00f6rbej\u00e1rjuk, lehetetlen. Csak bekukantottunk ide meg oda is. Kellene k\u00f6r\u00fclbel\u00fcl h\u00e1rom - n\u00e9gy \u00f3ra hossza ahhoz, hogy k\u00e9nyelmesen v\u00e9gig lehessen j\u00e1rni az erd\u0151t.<\/p>\r\n<p><a href=\"https:\/\/pupaksutodeje.cafeblog.hu\/files\/2016\/04\/SAM_2234.jpg\"><img class=\"alignnone size-medium wp-image-176\" src=\"https:\/\/pupaksutodeje.cafeblog.hu\/files\/2016\/04\/SAM_2234-300x225.jpg\" alt=\"SAM_2234\" width=\"300\" height=\"225\" \/><\/a> <a href=\"https:\/\/pupaksutodeje.cafeblog.hu\/files\/2016\/04\/SAM_2236.jpg\"><img class=\"alignnone size-medium wp-image-177\" src=\"https:\/\/pupaksutodeje.cafeblog.hu\/files\/2016\/04\/SAM_2236-300x225.jpg\" alt=\"SAM_2236\" width=\"300\" height=\"225\" \/><\/a> <a href=\"https:\/\/pupaksutodeje.cafeblog.hu\/files\/2016\/04\/SAM_2240.jpg\"><img class=\"alignnone size-medium wp-image-178\" src=\"https:\/\/pupaksutodeje.cafeblog.hu\/files\/2016\/04\/SAM_2240-300x225.jpg\" alt=\"SAM_2240\" width=\"300\" height=\"225\" \/><\/a><\/p>\r\n<p>Valtice ut\u00e1n \u00e1tbuszoztunk a 10 percre l\u00e9v\u0151 Lednic\u00e9re. H\u00e1t mit mondjak? Ha az el\u0151bbi kast\u00e9ly csod\u00e1s, hatalmas \u00e9s leny\u0171g\u00f6z\u0151 volt, akkor erre nincsenek szavak. Lednice volt a ny\u00e1ri sz\u00e1ll\u00e1suk a hercegeknek. N\u00e9zz\u00e9tek \u00e9s \u00e1muljatok.<\/p>\r\n<p><a href=\"https:\/\/pupaksutodeje.cafeblog.hu\/files\/2016\/04\/SAM_2243.jpg\"><img class=\"alignnone size-medium wp-image-179\" src=\"https:\/\/pupaksutodeje.cafeblog.hu\/files\/2016\/04\/SAM_2243-300x225.jpg\" alt=\"SAM_2243\" width=\"300\" height=\"225\" \/><\/a> <a href=\"https:\/\/pupaksutodeje.cafeblog.hu\/files\/2016\/04\/SAM_2245.jpg\"><img class=\"alignnone size-medium wp-image-180\" src=\"https:\/\/pupaksutodeje.cafeblog.hu\/files\/2016\/04\/SAM_2245-300x225.jpg\" alt=\"SAM_2245\" width=\"300\" height=\"225\" \/><\/a> <a href=\"https:\/\/pupaksutodeje.cafeblog.hu\/files\/2016\/04\/SAM_2247.jpg\"><img class=\"alignnone size-medium wp-image-181\" src=\"https:\/\/pupaksutodeje.cafeblog.hu\/files\/2016\/04\/SAM_2247-300x225.jpg\" alt=\"SAM_2247\" width=\"300\" height=\"225\" \/><\/a> <a href=\"https:\/\/pupaksutodeje.cafeblog.hu\/files\/2016\/04\/SAM_2248.jpg\"><img class=\"alignnone size-medium wp-image-182\" src=\"https:\/\/pupaksutodeje.cafeblog.hu\/files\/2016\/04\/SAM_2248-300x225.jpg\" alt=\"SAM_2248\" width=\"300\" height=\"225\" \/><\/a><\/p>\r\n<p>Nem is lehetett olyan k\u00e9pet k\u00e9sz\u00edteni, amiben az eg\u00e9sz kast\u00e9ly benn lett volna, akkora hatalmas. Itt bel\u00fcl nem lehetett fot\u00f3zni. K\u00e1r, mert ennek a kast\u00e9lynak a belseje j\u00f3val szebb, mint a valticei\u00e9. Faragott, kazett\u00e1s \u00e1lmennyezet, faragott l\u00e9pcs\u0151, korl\u00e1t, hatalmas k\u00f6nyvt\u00e1r, k\u00ednai szoba, eb\u00e9dl\u0151 \u00e9s amit el sem tudunk k\u00e9pzelni. Belsej\u00e9t tekintve a trieszti kast\u00e9lyhoz hasonl\u00edt, k\u00edv\u00fclr\u0151l pedig nek\u00fcnk Martonv\u00e1s\u00e1r jutott esz\u00fcnkbe. A kast\u00e9lyhoz tartozik egy p\u00e1lmah\u00e1z is, oda sajnos nem volt id\u0151nk bemenni. A kast\u00e9lyt hatalmas park veszi k\u00f6rbe, mely tele van halast\u00f3val, bokrokkal, f\u00e1kkal, vir\u00e1gokkal, tal\u00e1lhat\u00f3 itt egy Minaret, Hal\u00e1szb\u00e1stya....kett\u0151 \u00f3r\u00e1nk volt megtekinteni, szerintem az egy harmad\u00e1t sem siker\u00fclt. Javaslom mindenkinek, aki egyed\u00fcl megy, hogy a lednicei kast\u00e9lyparkra sz\u00e1njon 5-6 \u00f3r\u00e1t. Akkor tal\u00e1n nyugodtan bej\u00e1rhat\u00f3.<\/p>\r\n<p><a href=\"https:\/\/pupaksutodeje.cafeblog.hu\/files\/2016\/04\/SAM_2251.jpg\"><img class=\"alignnone size-medium wp-image-183\" src=\"https:\/\/pupaksutodeje.cafeblog.hu\/files\/2016\/04\/SAM_2251-300x225.jpg\" alt=\"SAM_2251\" width=\"300\" height=\"225\" \/><\/a> <a href=\"https:\/\/pupaksutodeje.cafeblog.hu\/files\/2016\/04\/SAM_2254.jpg\"><img class=\"alignnone size-medium wp-image-184\" src=\"https:\/\/pupaksutodeje.cafeblog.hu\/files\/2016\/04\/SAM_2254-300x225.jpg\" alt=\"SAM_2254\" width=\"300\" height=\"225\" \/><\/a> <a href=\"https:\/\/pupaksutodeje.cafeblog.hu\/files\/2016\/04\/SAM_2256.jpg\"><img class=\"alignnone size-medium wp-image-185\" src=\"https:\/\/pupaksutodeje.cafeblog.hu\/files\/2016\/04\/SAM_2256-300x225.jpg\" alt=\"SAM_2256\" width=\"300\" height=\"225\" \/><\/a><\/p>\r\n<p>V\u00e9g\u00fcl pedig ne felejts\u00fck el, hogy a kast\u00e9ly a tulip\u00e1njair\u00f3l (is) h\u00edres. Szemet gy\u00f6ny\u00f6rk\u00f6dtet\u0151, csod\u00e1s, mes\u00e9be ill\u0151. Csak \u00e1lltam, \u00e9s n\u00e9ztem a vir\u00e1gokat, sz\u00ednesek, mosolyognak, mintha Csodaorsz\u00e1gba t\u00e9vedtem volna.<\/p>\r\n<p><a href=\"https:\/\/pupaksutodeje.cafeblog.hu\/files\/2016\/04\/SAM_2279.jpg\"><img class=\"alignnone size-medium wp-image-186\" src=\"https:\/\/pupaksutodeje.cafeblog.hu\/files\/2016\/04\/SAM_2279-300x225.jpg\" alt=\"SAM_2279\" width=\"300\" height=\"225\" \/><\/a> <a href=\"https:\/\/pupaksutodeje.cafeblog.hu\/files\/2016\/04\/SAM_2280.jpg\"><img class=\"alignnone size-medium wp-image-187\" src=\"https:\/\/pupaksutodeje.cafeblog.hu\/files\/2016\/04\/SAM_2280-300x225.jpg\" alt=\"SAM_2280\" width=\"300\" height=\"225\" \/><\/a> <a href=\"https:\/\/pupaksutodeje.cafeblog.hu\/files\/2016\/04\/SAM_2287.jpg\"><img class=\"alignnone size-medium wp-image-188\" src=\"https:\/\/pupaksutodeje.cafeblog.hu\/files\/2016\/04\/SAM_2287-300x225.jpg\" alt=\"SAM_2287\" width=\"300\" height=\"225\" \/><\/a> <a href=\"https:\/\/pupaksutodeje.cafeblog.hu\/files\/2016\/04\/SAM_2291.jpg\"><img class=\"alignnone size-medium wp-image-189\" src=\"https:\/\/pupaksutodeje.cafeblog.hu\/files\/2016\/04\/SAM_2291-300x225.jpg\" alt=\"SAM_2291\" width=\"300\" height=\"225\" \/><\/a> <a href=\"https:\/\/pupaksutodeje.cafeblog.hu\/files\/2016\/04\/SAM_2295.jpg\"><img class=\"alignnone size-medium wp-image-190\" src=\"https:\/\/pupaksutodeje.cafeblog.hu\/files\/2016\/04\/SAM_2295-300x225.jpg\" alt=\"SAM_2295\" width=\"300\" height=\"225\" \/><\/a> <a href=\"https:\/\/pupaksutodeje.cafeblog.hu\/files\/2016\/04\/SAM_2308.jpg\"><img class=\"alignnone size-medium wp-image-191\" src=\"https:\/\/pupaksutodeje.cafeblog.hu\/files\/2016\/04\/SAM_2308-300x225.jpg\" alt=\"SAM_2308\" width=\"300\" height=\"225\" \/><\/a> <a href=\"https:\/\/pupaksutodeje.cafeblog.hu\/files\/2016\/04\/SAM_2309.jpg\"><img class=\"alignnone size-medium wp-image-192\" src=\"https:\/\/pupaksutodeje.cafeblog.hu\/files\/2016\/04\/SAM_2309-300x225.jpg\" alt=\"SAM_2309\" width=\"300\" height=\"225\" \/><\/a> <a href=\"https:\/\/pupaksutodeje.cafeblog.hu\/files\/2016\/04\/SAM_2310.jpg\"><img class=\"alignnone size-medium wp-image-193\" src=\"https:\/\/pupaksutodeje.cafeblog.hu\/files\/2016\/04\/SAM_2310-300x225.jpg\" alt=\"SAM_2310\" width=\"300\" height=\"225\" \/><\/a><\/p>\r\n<p>Persze nemcsak tulip\u00e1nok voltak ott, hanem j\u00e1cintok, vir\u00e1gz\u00f3 f\u00e1k is, mesebeli k\u00f6rnyezet.<\/p>\r\n<p>Csehorsz\u00e1g am\u00fagy tele van szebbn\u00e9l szebb kast\u00e9lyokkat, volt szerencs\u00e9nk m\u00e1r egy p\u00e1rat l\u00e1tni bel\u0151le. Mindenkinek csak aj\u00e1nlani tudom.<\/p>\r\n<p>Mert ez \u00e9ltet minket, mindenkit. Az \u00e9lm\u00e9nyek, a l\u00e1tottak, a megszerzett tud\u00e1s. Nem az anyagi dolgok, nem a t\u00e1rgyak halmoz\u00e1sa. Az \u00e9lm\u00e9nyek.<\/p>\r\n<p>Szeretettel: Kriszti<\/p>","type":"rich"}